{"id":568,"date":"2020-03-03T20:57:12","date_gmt":"2020-03-03T23:57:12","guid":{"rendered":"https:\/\/imagimaker.com.br\/?page_id=568"},"modified":"2020-04-30T17:46:26","modified_gmt":"2020-04-30T20:46:26","slug":"ana-pscheidt-2","status":"publish","type":"page","link":"https:\/\/imagimaker.com.br\/index.php\/ana-pscheidt-2\/","title":{"rendered":"Ana Pscheidt"},"content":{"rendered":"\n<section class=\"wp-block-uagb-section uagb-section__wrap uagb-section__background-undefined\" id=\"uagb-section-17b8aa2d-1f05-4d42-a9e7-c91b72377d9c\"><div class=\"uagb-section__overlay\"><\/div><div class=\"uagb-section__inner-wrap\"><\/div><\/section>\n\n\n\n<section class=\"wp-block-uagb-section uagb-section__wrap uagb-section__background-image\" id=\"uagb-section-f49dab74-0121-4cd2-ac88-3e58ee4c450b\"><div class=\"uagb-section__overlay\"><\/div><div class=\"uagb-section__inner-wrap\">\n<p><\/p>\n<\/div><\/section>\n\n\n\n<section class=\"wp-block-uagb-section uagb-section__wrap uagb-section__background-color\" id=\"uagb-section-a8eb852a-b1c7-4e35-baaa-41dc76033039\"><div class=\"uagb-section__overlay\"><\/div><div class=\"uagb-section__inner-wrap\">\n<section class=\"wp-block-uagb-columns uagb-columns__wrap uagb-columns__background-undefined uagb-columns__stack-mobile uagb-columns__valign-undefined uagb-columns__gap-10 alignundefined\" id=\"uagb-columns-623940b1-e500-4fde-a319-a6b2dc3c8744\"><div class=\"uagb-columns__overlay\"><\/div><div class=\"uagb-columns__inner-wrap uagb-columns__columns-2\">\n<div class=\"wp-block-uagb-column uagb-column__wrap uagb-column__background-undefined\" id=\"uagb-column-e3f505a0-c0e3-411e-ad4f-c2c5dd90d5e7\"><div class=\"uagb-column__overlay\"><\/div><div class=\"uagb-column__inner-wrap\">\n<div class=\"uagb-infobox__outer-wrap\" id=\"uagb-infobox-1af5ad57-7afe-429b-a625-1ce6b8649ae6\"><div class=\"uagb-infobox__content-wrap uagb-infobox uagb-infobox-has-icon uagb-infobox-icon-left-title uagb-infobox-left uagb-infobox-image-valign-top uagb-infobox-enable-border-radius \"><div class=\"uagb-ifb-left-right-wrap\"><div class=\"uagb-ifb-content\"><div class=\"uagb-ifb-left-title-image\"><div class=\"uagb-ifb-image-icon-content uagb-ifb-imgicon-wrap\"><div class=\"uagb-ifb-icon-wrap\"><span class=\"uagb-ifb-icon\"><svg xmlns=\"http:\/\/www.w3.org\/2000\/svg\" viewbox=\"0 0 384 512\"><path d=\"M120 72c0-39.765 32.235-72 72-72s72 32.235 72 72c0 39.764-32.235 72-72 72s-72-32.236-72-72zm254.627 1.373c-12.496-12.497-32.758-12.497-45.254 0L242.745 160H141.254L54.627 73.373c-12.496-12.497-32.758-12.497-45.254 0-12.497 12.497-12.497 32.758 0 45.255L104 213.254V480c0 17.673 14.327 32 32 32h16c17.673 0 32-14.327 32-32V368h16v112c0 17.673 14.327 32 32 32h16c17.673 0 32-14.327 32-32V213.254l94.627-94.627c12.497-12.497 12.497-32.757 0-45.254z\"><\/path><\/svg><\/span><\/div><\/div><div class=\"uagb-ifb-title-wrap\"><h1 class=\"uagb-ifb-title\">Ana Pscheidt<\/h1><\/div><\/div><div class=\"uagb-ifb-separator-parent\"><div class=\"uagb-ifb-separator\"><\/div><\/div><div class=\"uagb-ifb-text-wrap\"><p class=\"uagb-ifb-desc\">Licenciada em f\u00edsica (UFPR)<br>Mestre em ensino de f\u00edsica ( UEPG)<br>Professora de f\u00edsica, matem\u00e1tica, astronomia e tecnologias educacionais.<br>Professora de rob\u00f3tica certificada pela LEGO EDUCATION. <br>Designer e Webdesigner (cria\u00e7\u00e3o e constru\u00e7\u00e3o de sites).<br>Pesquisadora em tecnologias educacionais e ensino. <br>Estudante de programa\u00e7\u00e3o.<br>Estudante de pedagogia. <br>M\u00e3e do Martin.<br>Apaixonada por tecnologia, cultura e motociclismo. <br><\/p><\/div><\/div><\/div><\/div><\/div>\n<\/div><\/div>\n\n\n\n<div class=\"wp-block-uagb-column uagb-column__wrap uagb-column__background-undefined\" id=\"uagb-column-fcb988e0-87cb-43ed-9378-005ae4514741\"><div class=\"uagb-column__overlay\"><\/div><div class=\"uagb-column__inner-wrap\">\n<div class=\"wp-block-image is-style-circle-mask\"><figure class=\"aligncenter size-full is-resized\"><img decoding=\"async\" loading=\"lazy\" src=\"https:\/\/imagimaker.com.br\/wp-content\/uploads\/2020\/03\/WhatsApp-Image-2020-03-03-at-23.36.14.jpeg\" alt=\"\" class=\"wp-image-587\" width=\"320\" height=\"320\" srcset=\"https:\/\/imagimaker.com.br\/wp-content\/uploads\/2020\/03\/WhatsApp-Image-2020-03-03-at-23.36.14.jpeg 1280w, https:\/\/imagimaker.com.br\/wp-content\/uploads\/2020\/03\/WhatsApp-Image-2020-03-03-at-23.36.14-300x300.jpeg 300w, https:\/\/imagimaker.com.br\/wp-content\/uploads\/2020\/03\/WhatsApp-Image-2020-03-03-at-23.36.14-1024x1024.jpeg 1024w, https:\/\/imagimaker.com.br\/wp-content\/uploads\/2020\/03\/WhatsApp-Image-2020-03-03-at-23.36.14-150x150.jpeg 150w, https:\/\/imagimaker.com.br\/wp-content\/uploads\/2020\/03\/WhatsApp-Image-2020-03-03-at-23.36.14-768x768.jpeg 768w\" sizes=\"(max-width: 320px) 100vw, 320px\" \/><\/figure><\/div>\n<\/div><\/div>\n<\/div><\/section>\n<\/div><\/section>\n\n\n\n<section class=\"wp-block-uagb-section uagb-section__wrap uagb-section__background-image\" id=\"uagb-section-64d98fd2-eece-4bcc-bddf-f592ee67ace2\"><div class=\"uagb-section__overlay\"><\/div><div class=\"uagb-section__inner-wrap\">\n<p><\/p>\n<\/div><\/section>\n\n\n\n<section class=\"wp-block-uagb-section uagb-section__wrap uagb-section__background-color\" id=\"uagb-section-e989babe-c339-49bd-a0d5-98ba9222087e\"><div class=\"uagb-section__overlay\"><\/div><div class=\"uagb-section__inner-wrap\">\n<h2 class=\"has-very-dark-gray-color has-text-color has-text-align-center wp-block-heading\"><strong>ROB\u00d3TICA EDUCACIONAL <\/strong><\/h2>\n\n\n\n<section class=\"wp-block-uagb-columns uagb-columns__wrap uagb-columns__background-undefined uagb-columns__stack-mobile uagb-columns__valign-undefined uagb-columns__gap-10 alignundefined\" id=\"uagb-columns-bebc4a5e-d110-41cd-9f57-e43ee6662f59\"><div class=\"uagb-columns__overlay\"><\/div><div class=\"uagb-columns__inner-wrap uagb-columns__columns-4\">\n<div class=\"wp-block-uagb-column uagb-column__wrap uagb-column__background-color\" id=\"uagb-column-d229ef2d-a2bb-4388-b172-51e22c13609b\"><div class=\"uagb-column__overlay\"><\/div><div class=\"uagb-column__inner-wrap\">\n<div class=\"uagb-infobox__outer-wrap\" id=\"uagb-infobox-54d60d39-6f8c-41c5-aecd-c43762d8eac9\"><div class=\"uagb-infobox__content-wrap uagb-infobox uagb-infobox-has-icon uagb-infobox-icon-above-title uagb-infobox-image-valign-top uagb-infobox-enable-border-radius \"><div class=\"uagb-ifb-left-right-wrap\"><div class=\"uagb-ifb-content\"><div class=\"uagb-ifb-image-icon-content uagb-ifb-imgicon-wrap\"><div class=\"uagb-ifb-icon-wrap\"><span class=\"uagb-ifb-icon\"><svg xmlns=\"http:\/\/www.w3.org\/2000\/svg\" viewbox=\"0 0 640 512\"><path d=\"M278.9 511.5l-61-17.7c-6.4-1.8-10-8.5-8.2-14.9L346.2 8.7c1.8-6.4 8.5-10 14.9-8.2l61 17.7c6.4 1.8 10 8.5 8.2 14.9L293.8 503.3c-1.9 6.4-8.5 10.1-14.9 8.2zm-114-112.2l43.5-46.4c4.6-4.9 4.3-12.7-.8-17.2L117 256l90.6-79.7c5.1-4.5 5.5-12.3.8-17.2l-43.5-46.4c-4.5-4.8-12.1-5.1-17-.5L3.8 247.2c-5.1 4.7-5.1 12.8 0 17.5l144.1 135.1c4.9 4.6 12.5 4.4 17-.5zm327.2.6l144.1-135.1c5.1-4.7 5.1-12.8 0-17.5L492.1 112.1c-4.8-4.5-12.4-4.3-17 .5L431.6 159c-4.6 4.9-4.3 12.7.8 17.2L523 256l-90.6 79.7c-5.1 4.5-5.5 12.3-.8 17.2l43.5 46.4c4.5 4.9 12.1 5.1 17 .6z\"><\/path><\/svg><\/span><\/div><\/div><div class=\"uagb-ifb-title-wrap\"><span class=\"uagb-ifb-title-prefix\">Atualmente t\u00e9cnica da <\/span><h3 class=\"uagb-ifb-title\">Equipe SKETCH<\/h3><\/div><div class=\"uagb-ifb-separator-parent\"><div class=\"uagb-ifb-separator\"><\/div><\/div><div class=\"uagb-ifb-text-wrap\"><p class=\"uagb-ifb-desc\">Alunos participantes Silvia Gon\u00e7alves Silva,  Gustavo Bastos, Ygor de Paula Chagas, Matheus Camargo.&nbsp;<br><br>Equipe de garagem. <br>Usa Ardu\u00edno e Lego Ev3  para participar de competi\u00e7\u00f5es de rob\u00f3tica. <br>Classificada para etapa estadual  da OLIMP\u00cdADA BRASILEIRA DE ROB\u00d3TICA em 2019.<br><br>Saiba mais em Instagram.com\/equipesketch<br><br>Noticias da Equipe:<br>Jornal<a href=\"https:\/\/www.opopularpr.com.br\/equipe-de-garagem-se-classifica-na-olimpiada-brasileira-de-robotica\/\"> O POPULAR<\/a><\/p><\/div><\/div><\/div><\/div><\/div>\n<\/div><\/div>\n\n\n\n<div class=\"wp-block-uagb-column uagb-column__wrap uagb-column__background-color\" id=\"uagb-column-714d75f6-9c29-4d5d-bde3-f6e7242d2b17\"><div class=\"uagb-column__overlay\"><\/div><div class=\"uagb-column__inner-wrap\">\n<div class=\"uagb-infobox__outer-wrap\" id=\"uagb-infobox-d85d4852-cc93-401f-aba0-3a31a5b4d5b6\"><div class=\"uagb-infobox__content-wrap uagb-infobox uagb-infobox-has-icon uagb-infobox-icon-above-title uagb-infobox-image-valign-top uagb-infobox-enable-border-radius \"><div class=\"uagb-ifb-left-right-wrap\"><div class=\"uagb-ifb-content\"><div class=\"uagb-ifb-image-icon-content uagb-ifb-imgicon-wrap\"><div class=\"uagb-ifb-icon-wrap\"><span class=\"uagb-ifb-icon\"><svg xmlns=\"http:\/\/www.w3.org\/2000\/svg\" viewbox=\"0 0 640 512\"><path d=\"M208 352c-2.39 0-4.78.35-7.06 1.09C187.98 357.3 174.35 360 160 360c-14.35 0-27.98-2.7-40.95-6.91-2.28-.74-4.66-1.09-7.05-1.09C49.94 352-.33 402.48 0 464.62.14 490.88 21.73 512 48 512h224c26.27 0 47.86-21.12 48-47.38.33-62.14-49.94-112.62-112-112.62zm-48-32c53.02 0 96-42.98 96-96s-42.98-96-96-96-96 42.98-96 96 42.98 96 96 96zM592 0H208c-26.47 0-48 22.25-48 49.59V96c23.42 0 45.1 6.78 64 17.8V64h352v288h-64v-64H384v64h-76.24c19.1 16.69 33.12 38.73 39.69 64H592c26.47 0 48-22.25 48-49.59V49.59C640 22.25 618.47 0 592 0z\"><\/path><\/svg><\/span><\/div><\/div><div class=\"uagb-ifb-title-wrap\"><span class=\"uagb-ifb-title-prefix\">2020<\/span><h3 class=\"uagb-ifb-title\">Capacita\u00e7\u00e3o de professores para competi\u00e7\u00f5es com LEGO EV3<\/h3><\/div><div class=\"uagb-ifb-separator-parent\"><div class=\"uagb-ifb-separator\"><\/div><\/div><div class=\"uagb-ifb-text-wrap\"><p class=\"uagb-ifb-desc\">  Curso livre de rob\u00f3tica com lego EV3 direcionada a participa\u00e7\u00e3o em competi\u00e7\u00f5es como OBR e FLL<\/p><\/div><\/div><\/div><\/div><\/div>\n\n\n\n<div class=\"uagb-infobox__outer-wrap\" id=\"uagb-infobox-8105d4c2-2ef6-4980-a0fa-d02c169ea2bf\"><div class=\"uagb-infobox__content-wrap uagb-infobox uagb-infobox-has-icon uagb-infobox-icon-above-title uagb-infobox-image-valign-top uagb-infobox-enable-border-radius \"><div class=\"uagb-ifb-left-right-wrap\"><div class=\"uagb-ifb-content\"><div class=\"uagb-ifb-title-wrap\"><span class=\"uagb-ifb-title-prefix\">2020<\/span><h3 class=\"uagb-ifb-title\">Oficina Industria 4.0 e a sustentabilidadede<\/h3><\/div><div class=\"uagb-ifb-separator-parent\"><div class=\"uagb-ifb-separator\"><\/div><\/div><div class=\"uagb-ifb-text-wrap\"><p class=\"uagb-ifb-desc\">  Usando a rob\u00f3tica e outros recursos da industria 4.0 para solucionar problemas relacionados aos ODS ( objetivos do desenvolvimento sustent\u00e1vel)<br>Oficina desenvolvida na UFPR e UTFPR. <br><br>noticias relacionada: <a href=\"https:\/\/www.opopularpr.com.br\/araucarienses-ministraram-oficinas-em-evento-na-ufpr\/\"> Jornal O POPULAR<\/a><\/p><\/div><\/div><\/div><\/div><\/div>\n\n\n\n<p><\/p>\n<\/div><\/div>\n\n\n\n<div class=\"wp-block-uagb-column uagb-column__wrap uagb-column__background-color\" id=\"uagb-column-50b48348-f3d4-4b01-be1e-953afc12bb91\"><div class=\"uagb-column__overlay\"><\/div><div class=\"uagb-column__inner-wrap\">\n<div class=\"uagb-infobox__outer-wrap\" id=\"uagb-infobox-ec9cc82d-46ae-42d0-87a9-708e2ca41de7\"><div class=\"uagb-infobox__content-wrap uagb-infobox uagb-infobox-has-icon uagb-infobox-icon-above-title uagb-infobox-image-valign-top uagb-infobox-enable-border-radius \"><div class=\"uagb-ifb-left-right-wrap\"><div class=\"uagb-ifb-content\"><div class=\"uagb-ifb-image-icon-content uagb-ifb-imgicon-wrap\"><div class=\"uagb-ifb-icon-wrap\"><span class=\"uagb-ifb-icon\"><svg xmlns=\"http:\/\/www.w3.org\/2000\/svg\" viewbox=\"0 0 640 512\"><path d=\"M0 256v128c0 17.7 14.3 32 32 32h32V224H32c-17.7 0-32 14.3-32 32zM464 96H352V32c0-17.7-14.3-32-32-32s-32 14.3-32 32v64H176c-44.2 0-80 35.8-80 80v272c0 35.3 28.7 64 64 64h320c35.3 0 64-28.7 64-64V176c0-44.2-35.8-80-80-80zM256 416h-64v-32h64v32zm-32-120c-22.1 0-40-17.9-40-40s17.9-40 40-40 40 17.9 40 40-17.9 40-40 40zm128 120h-64v-32h64v32zm96 0h-64v-32h64v32zm-32-120c-22.1 0-40-17.9-40-40s17.9-40 40-40 40 17.9 40 40-17.9 40-40 40zm192-72h-32v192h32c17.7 0 32-14.3 32-32V256c0-17.7-14.3-32-32-32z\"><\/path><\/svg><\/span><\/div><\/div><div class=\"uagb-ifb-title-wrap\"><span class=\"uagb-ifb-title-prefix\">2020<\/span><h3 class=\"uagb-ifb-title\">Juiza na FLL <\/h3><\/div><div class=\"uagb-ifb-separator-parent\"><div class=\"uagb-ifb-separator\"><\/div><\/div><div class=\"uagb-ifb-text-wrap\"><p class=\"uagb-ifb-desc\">  Participa\u00e7\u00e3o como juiza de projeto de inova\u00e7\u00e3o na competi\u00e7\u00e3o de rob\u00f3tica FLL (First Lego League) <br>A FLL \u00e9 uma das maiores competi\u00e7\u00f5es de rob\u00f3tica do mundo e envolve os alunos de 9 a 16 anos.<\/p><\/div><\/div><\/div><\/div><\/div>\n\n\n\n<div class=\"uagb-infobox__outer-wrap\" id=\"uagb-infobox-2efeba91-a405-407a-be72-8a903a03f09a\"><div class=\"uagb-infobox__content-wrap uagb-infobox uagb-infobox-has-icon uagb-infobox-icon-above-title uagb-infobox-image-valign-top uagb-infobox-enable-border-radius \"><div class=\"uagb-ifb-left-right-wrap\"><div class=\"uagb-ifb-content\"><div class=\"uagb-ifb-title-wrap\"><span class=\"uagb-ifb-title-prefix\">2019<\/span><h3 class=\"uagb-ifb-title\">Juiza na FLL JR <\/h3><\/div><div class=\"uagb-ifb-separator-parent\"><div class=\"uagb-ifb-separator\"><\/div><\/div><div class=\"uagb-ifb-text-wrap\"><p class=\"uagb-ifb-desc\">Participa\u00e7\u00e3o na competi\u00e7\u00e3o de rob\u00f3tica FLL jr ( first lego league junior ) <br>A FLL JR \u00e9 uma competi\u00e7\u00e3o de rob\u00f3tica e inova\u00e7\u00e3o destinada a alunos de  de <\/p><\/div><\/div><\/div><\/div><\/div>\n<\/div><\/div>\n\n\n\n<div class=\"wp-block-uagb-column uagb-column__wrap uagb-column__background-color\" id=\"uagb-column-04de6c57-699e-40aa-8d38-7e279d678650\"><div class=\"uagb-column__overlay\"><\/div><div class=\"uagb-column__inner-wrap\">\n<div class=\"uagb-infobox__outer-wrap\" id=\"uagb-infobox-a0148544-6e7b-4930-885b-4720fe092bc3\"><div class=\"uagb-infobox__content-wrap uagb-infobox uagb-infobox-has-icon uagb-infobox-icon-above-title uagb-infobox-image-valign-top uagb-infobox-enable-border-radius \"><div class=\"uagb-ifb-left-right-wrap\"><div class=\"uagb-ifb-content\"><div class=\"uagb-ifb-image-icon-content uagb-ifb-imgicon-wrap\"><div class=\"uagb-ifb-icon-wrap\"><span class=\"uagb-ifb-icon\"><svg xmlns=\"http:\/\/www.w3.org\/2000\/svg\" viewbox=\"0 0 512 512\"><path d=\"M502.285 159.704l-234-156c-7.987-4.915-16.511-4.96-24.571 0l-234 156C3.714 163.703 0 170.847 0 177.989v155.999c0 7.143 3.714 14.286 9.715 18.286l234 156.022c7.987 4.915 16.511 4.96 24.571 0l234-156.022c6-3.999 9.715-11.143 9.715-18.286V177.989c-.001-7.142-3.715-14.286-9.716-18.285zM278 63.131l172.286 114.858-76.857 51.429L278 165.703V63.131zm-44 0v102.572l-95.429 63.715-76.857-51.429L234 63.131zM44 219.132l55.143 36.857L44 292.846v-73.714zm190 229.715L61.714 333.989l76.857-51.429L234 346.275v102.572zm22-140.858l-77.715-52 77.715-52 77.715 52-77.715 52zm22 140.858V346.275l95.429-63.715 76.857 51.429L278 448.847zm190-156.001l-55.143-36.857L468 219.132v73.714z\"><\/path><\/svg><\/span><\/div><\/div><div class=\"uagb-ifb-title-wrap\"><span class=\"uagb-ifb-title-prefix\">T\u00e9cnica em 2016, 2017 e 2018.<\/span><h3 class=\"uagb-ifb-title\">Equipe Wales e Eves <\/h3><\/div><div class=\"uagb-ifb-separator-parent\"><div class=\"uagb-ifb-separator\"><\/div><\/div><div class=\"uagb-ifb-text-wrap\"><p class=\"uagb-ifb-desc\">  Alunos participantes : Amanda Bueno Coutinho,  Ana Vit\u00f3ria Oliveira de Lara e <br> Rhuam Barbosa Lopes,  Silvia Gon\u00e7alves Silva,  Gustavo Bastos, Ygor de Paula Chagas, Matheus Camargo, Arthur Jaques, Let\u00edcia Azambuja&#8230;<br>  <br>A equipe participou com LEGO EV3 da competi\u00e7\u00e3o FLL &#8211; First Lego league e OBR &#8211; Olimpiada Brasileira de Rob\u00f3tica <br>. <br>Equipes Classificadas na OBR 2018<br> Equipe DEMENTADORES <br>Equipe VIT\u00d3RIOS <br>Equipe RXPDG<br> <\/p><\/div><\/div><\/div><\/div><\/div>\n\n\n\n<p><\/p>\n<\/div><\/div>\n<\/div><\/section>\n\n\n\n<p><\/p>\n\n\n\n<h2 class=\"has-very-dark-gray-color has-text-color has-text-align-center wp-block-heading\"><strong> ORIENTA\u00c7\u00c3O EM PROJETOS DE INICIA\u00c7\u00c3O CIENT\u00cdFICA  <\/strong><\/h2>\n\n\n\n<section class=\"wp-block-uagb-columns uagb-columns__wrap uagb-columns__background-undefined uagb-columns__stack-mobile uagb-columns__valign-undefined uagb-columns__gap-10 alignundefined\" id=\"uagb-columns-e36b64e8-137c-4e4f-8f56-3485799336ec\"><div class=\"uagb-columns__overlay\"><\/div><div class=\"uagb-columns__inner-wrap uagb-columns__columns-4\">\n<div class=\"wp-block-uagb-column uagb-column__wrap uagb-column__background-color\" id=\"uagb-column-bf3fea74-a4de-4676-afe6-014c7fbb44fe\"><div class=\"uagb-column__overlay\"><\/div><div class=\"uagb-column__inner-wrap\">\n<div class=\"uagb-infobox__outer-wrap\" id=\"uagb-infobox-faed5ff6-9473-4a8f-b2ff-17a688ab846d\"><div class=\"uagb-infobox__content-wrap uagb-infobox uagb-infobox-has-icon uagb-infobox-icon-above-title uagb-infobox-image-valign-top uagb-infobox-enable-border-radius \"><div class=\"uagb-ifb-left-right-wrap\"><div class=\"uagb-ifb-content\"><div class=\"uagb-ifb-image-icon-content uagb-ifb-imgicon-wrap\"><div class=\"uagb-ifb-icon-wrap\"><span class=\"uagb-ifb-icon\"><svg xmlns=\"http:\/\/www.w3.org\/2000\/svg\" viewbox=\"0 0 256 512\"><path d=\"M128 0c35.346 0 64 28.654 64 64s-28.654 64-64 64c-35.346 0-64-28.654-64-64S92.654 0 128 0m119.283 354.179l-48-192A24 24 0 0 0 176 144h-11.36c-22.711 10.443-49.59 10.894-73.28 0H80a24 24 0 0 0-23.283 18.179l-48 192C4.935 369.305 16.383 384 32 384h56v104c0 13.255 10.745 24 24 24h32c13.255 0 24-10.745 24-24V384h56c15.591 0 27.071-14.671 23.283-29.821z\"><\/path><\/svg><\/span><\/div><\/div><div class=\"uagb-ifb-title-wrap\"><span class=\"uagb-ifb-title-prefix\">Orienta\u00e7\u00e3o Professora Ana Pscheidt <\/span><h3 class=\"uagb-ifb-title\"> Inser\u00e7\u00e3o de Meninas no Campo da Ci\u00eancia e Tecnologia \u2013 Meninas na Rob\u00f3tica; 2018.<\/h3><\/div><div class=\"uagb-ifb-separator-parent\"><div class=\"uagb-ifb-separator\"><\/div><\/div><div class=\"uagb-ifb-text-wrap\"><p class=\"uagb-ifb-desc\">Alunos participantes: Silvia Gon\u00e7alves Silva.   <br><strong>Projeto Premiado na feira de ci\u00eancias da PUC-PR  &#8211;  2018<\/strong><br>1\u00ba lugar na categoria feminina ensino m\u00e9dio e t\u00e9cnico 1\u00ba ano <br>A aluna foi premiada com uma bolsa de inicia\u00e7\u00e3o cientifica na PUC.<br><br>Noticias do projeto <br><a href=\"https:\/\/www.opopularpr.com.br\/colegios-de-araucaria-sao-premiados-na-feira-de-ciencias-da-puc\/\">Jornal O POPULAR<\/a><\/p><\/div><\/div><\/div><\/div><\/div>\n<\/div><\/div>\n\n\n\n<div class=\"wp-block-uagb-column uagb-column__wrap uagb-column__background-color\" id=\"uagb-column-be32ac45-4e19-4a6d-a319-25fb8dafe6b6\"><div class=\"uagb-column__overlay\"><\/div><div class=\"uagb-column__inner-wrap\">\n<div class=\"uagb-infobox__outer-wrap\" id=\"uagb-infobox-ffd2e464-c845-4b1e-accc-9470181a36d0\"><div class=\"uagb-infobox__content-wrap uagb-infobox uagb-infobox-has-icon uagb-infobox-icon-above-title uagb-infobox-image-valign-top uagb-infobox-enable-border-radius \"><div class=\"uagb-ifb-left-right-wrap\"><div class=\"uagb-ifb-content\"><div class=\"uagb-ifb-image-icon-content uagb-ifb-imgicon-wrap\"><div class=\"uagb-ifb-icon-wrap\"><span class=\"uagb-ifb-icon\"><svg xmlns=\"http:\/\/www.w3.org\/2000\/svg\" viewbox=\"0 0 384 512\"><path d=\"M378.31 378.49L298.42 288h30.63c9.01 0 16.98-5 20.78-13.06 3.8-8.04 2.55-17.26-3.28-24.05L268.42 160h28.89c9.1 0 17.3-5.35 20.86-13.61 3.52-8.13 1.86-17.59-4.24-24.08L203.66 4.83c-6.03-6.45-17.28-6.45-23.32 0L70.06 122.31c-6.1 6.49-7.75 15.95-4.24 24.08C69.38 154.65 77.59 160 86.69 160h28.89l-78.14 90.91c-5.81 6.78-7.06 15.99-3.27 24.04C37.97 283 45.93 288 54.95 288h30.63L5.69 378.49c-6 6.79-7.36 16.09-3.56 24.26 3.75 8.05 12 13.25 21.01 13.25H160v24.45l-30.29 48.4c-5.32 10.64 2.42 23.16 14.31 23.16h95.96c11.89 0 19.63-12.52 14.31-23.16L224 440.45V416h136.86c9.01 0 17.26-5.2 21.01-13.25 3.8-8.17 2.44-17.47-3.56-24.26z\"><\/path><\/svg><\/span><\/div><\/div><div class=\"uagb-ifb-title-wrap\"><span class=\"uagb-ifb-title-prefix\">Orienta\u00e7\u00e3o: Professoras  Ana Pscheidt e Talita Politta<\/span><h3 class=\"uagb-ifb-title\">  Wood Hero &#8211; Madeira sustent\u00e1vel  <strong> <\/strong>partir da casca da mandioca; 2018 <\/h3><\/div><div class=\"uagb-ifb-separator-parent\"><div class=\"uagb-ifb-separator\"><\/div><\/div><div class=\"uagb-ifb-text-wrap\"><p class=\"uagb-ifb-desc\">  Alunos participantes : Amanda Bueno Coutinho,  Ana Vit\u00f3ria Oliveira de Lara e <br> Rhuam Barbosa Lopes <br> <br>Projeto selecionado para as feiras <br>FICIENCIAS <br>FEBRACE<br>INOVA SENAI <br><br>Noticias do projeto <br><a href=\"https:\/\/www.opopularpr.com.br\/estudantes-criam-madeira-com-casca-de-mandioca\/\">Jornal O POPULAR<br><\/a><a href=\"https:\/\/www.reciclasampa.com.br\/artigo\/alunas-desenvolvem-madeira-sustentavel-feita-de-residuos-de-mandioca\">Portal Recicla Sampa<\/a><br><a href=\"https:\/\/agenciafiep.com.br\/2019\/10\/14\/de-madeira-feita-com-casca-da-mandioca-sistema-de-abastecimento-automatico-de-fluido-refrigerante-conheca-os-projetos-que-concorrem-ao-premio-inova-parana-2019\/\">Agencia FIEP<\/a><a href=\"https:\/\/www.reciclasampa.com.br\/artigo\/alunas-desenvolvem-madeira-sustentavel-feita-de-residuos-de-mandioca\"><br><\/a><br><br><\/p><\/div><\/div><\/div><\/div><\/div>\n\n\n\n<p><\/p>\n<\/div><\/div>\n\n\n\n<div class=\"wp-block-uagb-column uagb-column__wrap uagb-column__background-color\" id=\"uagb-column-37a456ee-0580-4fc1-b7aa-465ea21fa746\"><div class=\"uagb-column__overlay\"><\/div><div class=\"uagb-column__inner-wrap\">\n<div class=\"uagb-infobox__outer-wrap\" id=\"uagb-infobox-fe016424-5edd-482e-adef-9bf736fbe84b\"><div class=\"uagb-infobox__content-wrap uagb-infobox uagb-infobox-has-icon uagb-infobox-icon-above-title uagb-infobox-image-valign-top uagb-infobox-enable-border-radius \"><div class=\"uagb-ifb-left-right-wrap\"><div class=\"uagb-ifb-content\"><div class=\"uagb-ifb-image-icon-content uagb-ifb-imgicon-wrap\"><div class=\"uagb-ifb-icon-wrap\"><span class=\"uagb-ifb-icon\"><svg xmlns=\"http:\/\/www.w3.org\/2000\/svg\" viewbox=\"0 0 512 512\"><path d=\"M488.6 250.2L392 214V105.5c0-15-9.3-28.4-23.4-33.7l-100-37.5c-8.1-3.1-17.1-3.1-25.3 0l-100 37.5c-14.1 5.3-23.4 18.7-23.4 33.7V214l-96.6 36.2C9.3 255.5 0 268.9 0 283.9V394c0 13.6 7.7 26.1 19.9 32.2l100 50c10.1 5.1 22.1 5.1 32.2 0l103.9-52 103.9 52c10.1 5.1 22.1 5.1 32.2 0l100-50c12.2-6.1 19.9-18.6 19.9-32.2V283.9c0-15-9.3-28.4-23.4-33.7zM358 214.8l-85 31.9v-68.2l85-37v73.3zM154 104.1l102-38.2 102 38.2v.6l-102 41.4-102-41.4v-.6zm84 291.1l-85 42.5v-79.1l85-38.8v75.4zm0-112l-102 41.4-102-41.4v-.6l102-38.2 102 38.2v.6zm240 112l-85 42.5v-79.1l85-38.8v75.4zm0-112l-102 41.4-102-41.4v-.6l102-38.2 102 38.2v.6z\"><\/path><\/svg><\/span><\/div><\/div><div class=\"uagb-ifb-title-wrap\"><span class=\"uagb-ifb-title-prefix\">Orienta\u00e7\u00e3o: Professoras  Ana Pscheidt e Talita Politta<\/span><h3 class=\"uagb-ifb-title\">Ecobrick &#8211; ecotijolo, um tijolo a partir de res\u00edduos s\u00f3lidos da constru\u00e7\u00e3o civil; 2018<\/h3><\/div><div class=\"uagb-ifb-separator-parent\"><div class=\"uagb-ifb-separator\"><\/div><\/div><div class=\"uagb-ifb-text-wrap\"><p class=\"uagb-ifb-desc\">  Alunos participantes : Leonardo Silveira, Ygor Chagas de Paula,  Matheus Camargo. <br> <br> Projeto selecionado para as feiras <br>FICIENCIAS <br>FEBRACE <\/p><\/div><\/div><\/div><\/div><\/div>\n\n\n\n<p><\/p>\n<\/div><\/div>\n\n\n\n<div class=\"wp-block-uagb-column uagb-column__wrap uagb-column__background-color\" id=\"uagb-column-e52019ce-a1a8-4154-b985-dd5cb761dc84\"><div class=\"uagb-column__overlay\"><\/div><div class=\"uagb-column__inner-wrap\">\n<div class=\"uagb-infobox__outer-wrap\" id=\"uagb-infobox-ce74bb38-21aa-4445-b16e-4db54cb1edf2\"><div class=\"uagb-infobox__content-wrap uagb-infobox uagb-infobox-has-icon uagb-infobox-icon-above-title uagb-infobox-image-valign-top uagb-infobox-enable-border-radius \"><div class=\"uagb-ifb-left-right-wrap\"><div class=\"uagb-ifb-content\"><div class=\"uagb-ifb-image-icon-content uagb-ifb-imgicon-wrap\"><div class=\"uagb-ifb-icon-wrap\"><span class=\"uagb-ifb-icon\"><svg xmlns=\"http:\/\/www.w3.org\/2000\/svg\" viewbox=\"0 0 496 512\"><path d=\"M248 8C111.03 8 0 119.03 0 256s111.03 248 248 248 248-111.03 248-248S384.97 8 248 8zm82.29 357.6c-3.9 3.88-7.99 7.95-11.31 11.28-2.99 3-5.1 6.7-6.17 10.71-1.51 5.66-2.73 11.38-4.77 16.87l-17.39 46.85c-13.76 3-28 4.69-42.65 4.69v-27.38c1.69-12.62-7.64-36.26-22.63-51.25-6-6-9.37-14.14-9.37-22.63v-32.01c0-11.64-6.27-22.34-16.46-27.97-14.37-7.95-34.81-19.06-48.81-26.11-11.48-5.78-22.1-13.14-31.65-21.75l-.8-.72a114.792 114.792 0 0 1-18.06-20.74c-9.38-13.77-24.66-36.42-34.59-51.14 20.47-45.5 57.36-82.04 103.2-101.89l24.01 12.01C203.48 89.74 216 82.01 216 70.11v-11.3c7.99-1.29 16.12-2.11 24.39-2.42l28.3 28.3c6.25 6.25 6.25 16.38 0 22.63L264 112l-10.34 10.34c-3.12 3.12-3.12 8.19 0 11.31l4.69 4.69c3.12 3.12 3.12 8.19 0 11.31l-8 8a8.008 8.008 0 0 1-5.66 2.34h-8.99c-2.08 0-4.08.81-5.58 2.27l-9.92 9.65a8.008 8.008 0 0 0-1.58 9.31l15.59 31.19c2.66 5.32-1.21 11.58-7.15 11.58h-5.64c-1.93 0-3.79-.7-5.24-1.96l-9.28-8.06a16.017 16.017 0 0 0-15.55-3.1l-31.17 10.39a11.95 11.95 0 0 0-8.17 11.34c0 4.53 2.56 8.66 6.61 10.69l11.08 5.54c9.41 4.71 19.79 7.16 30.31 7.16s22.59 27.29 32 32h66.75c8.49 0 16.62 3.37 22.63 9.37l13.69 13.69a30.503 30.503 0 0 1 8.93 21.57 46.536 46.536 0 0 1-13.72 32.98zM417 274.25c-5.79-1.45-10.84-5-14.15-9.97l-17.98-26.97a23.97 23.97 0 0 1 0-26.62l19.59-29.38c2.32-3.47 5.5-6.29 9.24-8.15l12.98-6.49C440.2 193.59 448 223.87 448 256c0 8.67-.74 17.16-1.82 25.54L417 274.25z\"><\/path><\/svg><\/span><\/div><\/div><div class=\"uagb-ifb-title-wrap\"><span class=\"uagb-ifb-title-prefix\">Orienta\u00e7\u00e3o: Professoras  Ana Pscheidt e Talita Politta<\/span><h3 class=\"uagb-ifb-title\">Substituindo o Isopor &#8211; Um novo material, biodegrad\u00e1vel e com propriedades semelhantes ao isopor; 2017<\/h3><\/div><div class=\"uagb-ifb-separator-parent\"><div class=\"uagb-ifb-separator\"><\/div><\/div><div class=\"uagb-ifb-text-wrap\"><p class=\"uagb-ifb-desc\">  Alunos participantes : Leonardo Silveira, Ygor Chagas de Paula,  Mateus Andr\u00e9 <br> <br><strong>Projeto  Selecionado e premiado FICIENCIAS <br>1\u00ba lugar na categoria ci\u00eancias biol\u00f3gicas! <\/strong><\/p><\/div><\/div><\/div><\/div><\/div>\n\n\n\n<p><\/p>\n<\/div><\/div>\n<\/div><\/section>\n\n\n\n<section class=\"wp-block-uagb-columns uagb-columns__wrap uagb-columns__background-undefined uagb-columns__stack-mobile uagb-columns__valign-undefined uagb-columns__gap-10 alignundefined\" id=\"uagb-columns-4b7d5968-8006-4645-9379-999e1626230d\"><div class=\"uagb-columns__overlay\"><\/div><div class=\"uagb-columns__inner-wrap uagb-columns__columns-4\">\n<div class=\"wp-block-uagb-column uagb-column__wrap uagb-column__background-color\" id=\"uagb-column-302dd085-57d7-4650-a544-3bdd6837bd4d\"><div class=\"uagb-column__overlay\"><\/div><div class=\"uagb-column__inner-wrap\">\n<div class=\"uagb-infobox__outer-wrap\" id=\"uagb-infobox-fe819cfc-76fa-434b-b46d-36e13e75ca3d\"><div class=\"uagb-infobox__content-wrap uagb-infobox uagb-infobox-has-icon uagb-infobox-icon-above-title uagb-infobox-image-valign-top uagb-infobox-enable-border-radius \"><div class=\"uagb-ifb-left-right-wrap\"><div class=\"uagb-ifb-content\"><div class=\"uagb-ifb-image-icon-content uagb-ifb-imgicon-wrap\"><div class=\"uagb-ifb-icon-wrap\"><span class=\"uagb-ifb-icon\"><svg xmlns=\"http:\/\/www.w3.org\/2000\/svg\" viewbox=\"0 0 576 512\"><path d=\"M112 32C50.1 32 0 82.1 0 144v224c0 61.9 50.1 112 112 112s112-50.1 112-112V144c0-61.9-50.1-112-112-112zm48 224H64V144c0-26.5 21.5-48 48-48s48 21.5 48 48v112zm139.7-29.7c-3.5-3.5-9.4-3.1-12.3.8-45.3 62.5-40.4 150.1 15.9 206.4 56.3 56.3 143.9 61.2 206.4 15.9 4-2.9 4.3-8.8.8-12.3L299.7 226.3zm229.8-19c-56.3-56.3-143.9-61.2-206.4-15.9-4 2.9-4.3 8.8-.8 12.3l210.8 210.8c3.5 3.5 9.4 3.1 12.3-.8 45.3-62.6 40.5-150.1-15.9-206.4z\"><\/path><\/svg><\/span><\/div><\/div><div class=\"uagb-ifb-title-wrap\"><span class=\"uagb-ifb-title-prefix\">Orienta\u00e7\u00e3o: Professoras  Ana Pscheidt e Talita Politta<\/span><h3 class=\"uagb-ifb-title\"> APP e Jogo digital &#8211; O caminho do medicamento; 2017; <\/h3><\/div><div class=\"uagb-ifb-separator-parent\"><div class=\"uagb-ifb-separator\"><\/div><\/div><div class=\"uagb-ifb-text-wrap\"><p class=\"uagb-ifb-desc\">  Alunos participantes :  Christopher Souza, Lucas Chepluk <br> <br><strong>Projeto  selecionado para a feira<\/strong><br>de ci\u00eancias PUC PR<strong>.<\/strong><\/p><\/div><\/div><\/div><\/div><\/div>\n<\/div><\/div>\n\n\n\n<div class=\"wp-block-uagb-column uagb-column__wrap uagb-column__background-color\" id=\"uagb-column-f0868349-bfaf-4a77-84f8-2585fc3a73dc\"><div class=\"uagb-column__overlay\"><\/div><div class=\"uagb-column__inner-wrap\">\n<div class=\"uagb-infobox__outer-wrap\" id=\"uagb-infobox-c154ac85-a58b-4edc-8bdb-2680648a2b34\"><div class=\"uagb-infobox__content-wrap uagb-infobox uagb-infobox-has-icon uagb-infobox-icon-above-title uagb-infobox-image-valign-top uagb-infobox-enable-border-radius \"><div class=\"uagb-ifb-left-right-wrap\"><div class=\"uagb-ifb-content\"><div class=\"uagb-ifb-image-icon-content uagb-ifb-imgicon-wrap\"><div class=\"uagb-ifb-icon-wrap\"><span class=\"uagb-ifb-icon\"><svg xmlns=\"http:\/\/www.w3.org\/2000\/svg\" viewbox=\"0 0 257.33 512\"><path d=\"M216.36 71.04L127.39 160H25.33c-13.26 0-24 10.74-24 24v144c0 13.25 10.74 24 24 24h102.06l88.97 88.95c15.03 15.03 40.97 4.47 40.97-16.97V88.02c0-21.47-25.96-31.98-40.97-16.98z\"><\/path><\/svg><\/span><\/div><\/div><div class=\"uagb-ifb-title-wrap\"><span class=\"uagb-ifb-title-prefix\">Orienta\u00e7\u00e3o: Professoras   Professoras Solange Coutro, coorienta\u00e7\u00e3o Ana Pscheidt <\/span><h3 class=\"uagb-ifb-title\"> REUTILIZA\u00c7\u00c3O DE PNEUS NO ISOLAMENTO TERMOAC\u00daSTICO; 2016 <\/h3><\/div><div class=\"uagb-ifb-separator-parent\"><div class=\"uagb-ifb-separator\"><\/div><\/div><div class=\"uagb-ifb-text-wrap\"><p class=\"uagb-ifb-desc\">  Alunos participantes :  <br>EDUARDO DA SILVA JULIO,THIAGO SCHEIBE e WALLACE ALVES SANTOS    &nbsp; <br> <br>Projeto selecionado e premiado nas feiras <br>FECIENCIAS <br>INOVA SENAI <br><br>Noticias do projeto <br><a href=\"https:\/\/www.opopularpr.com.br\/estudantes-criam-madeira-com-casca-de-mandioca\/\">Jornal O POPULAR<br><\/a><a href=\"https:\/\/www.reciclasampa.com.br\/artigo\/alunas-desenvolvem-madeira-sustentavel-feita-de-residuos-de-mandioca\">Portal Recicla Sampa<\/a><br><a href=\"https:\/\/agenciafiep.com.br\/2019\/10\/14\/de-madeira-feita-com-casca-da-mandioca-sistema-de-abastecimento-automatico-de-fluido-refrigerante-conheca-os-projetos-que-concorrem-ao-premio-inova-parana-2019\/\">Agencia FIEP<\/a><a href=\"https:\/\/www.reciclasampa.com.br\/artigo\/alunas-desenvolvem-madeira-sustentavel-feita-de-residuos-de-mandioca\"><br><\/a><br><br><\/p><\/div><\/div><\/div><\/div><\/div>\n\n\n\n<p><\/p>\n<\/div><\/div>\n\n\n\n<div class=\"wp-block-uagb-column uagb-column__wrap uagb-column__background-color\" id=\"uagb-column-de00fe12-6ac1-4fcd-90e9-046e8453cef9\"><div class=\"uagb-column__overlay\"><\/div><div class=\"uagb-column__inner-wrap\">\n<div class=\"uagb-infobox__outer-wrap\" id=\"uagb-infobox-02bac918-fcbe-4eb6-8a82-b04a0c1be5a4\"><div class=\"uagb-infobox__content-wrap uagb-infobox uagb-infobox-has-icon uagb-infobox-icon-above-title uagb-infobox-image-valign-top uagb-infobox-enable-border-radius \"><div class=\"uagb-ifb-left-right-wrap\"><div class=\"uagb-ifb-content\"><div class=\"uagb-ifb-image-icon-content uagb-ifb-imgicon-wrap\"><div class=\"uagb-ifb-icon-wrap\"><span class=\"uagb-ifb-icon\"><svg xmlns=\"http:\/\/www.w3.org\/2000\/svg\" viewbox=\"0 0 448 512\"><path d=\"M64 224h13.5c24.7 56.5 80.9 96 146.5 96s121.8-39.5 146.5-96H384c8.8 0 16-7.2 16-16v-96c0-8.8-7.2-16-16-16h-13.5C345.8 39.5 289.6 0 224 0S102.2 39.5 77.5 96H64c-8.8 0-16 7.2-16 16v96c0 8.8 7.2 16 16 16zm40-88c0-22.1 21.5-40 48-40h144c26.5 0 48 17.9 48 40v24c0 53-43 96-96 96h-48c-53 0-96-43-96-96v-24zm72 72l12-36 36-12-36-12-12-36-12 36-36 12 36 12 12 36zm151.6 113.4C297.7 340.7 262.2 352 224 352s-73.7-11.3-103.6-30.6C52.9 328.5 0 385 0 454.4v9.6c0 26.5 21.5 48 48 48h80v-64c0-17.7 14.3-32 32-32h128c17.7 0 32 14.3 32 32v64h80c26.5 0 48-21.5 48-48v-9.6c0-69.4-52.9-125.9-120.4-133zM272 448c-8.8 0-16 7.2-16 16s7.2 16 16 16 16-7.2 16-16-7.2-16-16-16zm-96 0c-8.8 0-16 7.2-16 16v48h32v-48c0-8.8-7.2-16-16-16z\"><\/path><\/svg><\/span><\/div><\/div><div class=\"uagb-ifb-title-wrap\"><span class=\"uagb-ifb-title-prefix\">Orienta\u00e7\u00e3o: Professora Ana Pscheidt<\/span><h3 class=\"uagb-ifb-title\"> PLANET\u00c1RIOS E SIMULADORES COMO FERRAMENTA DE ESTUDO E ENSINO DE ASTRONOMIA: Um Estudo sobre o Movimento Aparente do Sol e os Analemas; 2016<\/h3><\/div><div class=\"uagb-ifb-separator-parent\"><div class=\"uagb-ifb-separator\"><\/div><\/div><div class=\"uagb-ifb-text-wrap\"><p class=\"uagb-ifb-desc\">  Alunos participantes :  EDUARDO DA SILVA JULIO, <br><br> Projeto selecionado para a feira.<br>FECIENCIAS <\/p><\/div><\/div><\/div><\/div><\/div>\n\n\n\n<p><\/p>\n<\/div><\/div>\n\n\n\n<div class=\"wp-block-uagb-column uagb-column__wrap uagb-column__background-color\" id=\"uagb-column-077add5c-0552-4fba-abc9-e7d115468954\"><div class=\"uagb-column__overlay\"><\/div><div class=\"uagb-column__inner-wrap\">\n<div class=\"uagb-infobox__outer-wrap\" id=\"uagb-infobox-5f53f3b5-013d-4247-8167-07963da1888a\"><div class=\"uagb-infobox__content-wrap uagb-infobox uagb-infobox-has-icon uagb-infobox-icon-above-title uagb-infobox-image-valign-top uagb-infobox-enable-border-radius \"><div class=\"uagb-ifb-left-right-wrap\"><div class=\"uagb-ifb-content\"><div class=\"uagb-ifb-image-icon-content uagb-ifb-imgicon-wrap\"><div class=\"uagb-ifb-icon-wrap\"><span class=\"uagb-ifb-icon\"><svg xmlns=\"http:\/\/www.w3.org\/2000\/svg\" viewbox=\"0 0 448 512\"><path d=\"M437.2 403.5L320 215V64h8c13.3 0 24-10.7 24-24V24c0-13.3-10.7-24-24-24H120c-13.3 0-24 10.7-24 24v16c0 13.3 10.7 24 24 24h8v151L10.8 403.5C-18.5 450.6 15.3 512 70.9 512h306.2c55.7 0 89.4-61.5 60.1-108.5zM137.9 320l48.2-77.6c3.7-5.2 5.8-11.6 5.8-18.4V64h64v160c0 6.9 2.2 13.2 5.8 18.4l48.2 77.6h-172z\"><\/path><\/svg><\/span><\/div><\/div><div class=\"uagb-ifb-title-wrap\"><span class=\"uagb-ifb-title-prefix\">Orienta\u00e7\u00e3o Professoras Solange Coutro, coorienta\u00e7\u00e3o Ana Pscheidt<\/span><h3 class=\"uagb-ifb-title\"> NANOENCAPSULAMENTO DE \u00c1CIDOS GRAXOS OBTIDOS A PARTIR DA APLICA\u00c7\u00c3O DE LIPASES NA REMEDIA\u00c7\u00c3O DE \u00c1GUAS CONTAMINADAS POR LIP\u00cdDEOS; 2016 <\/h3><\/div><div class=\"uagb-ifb-separator-parent\"><div class=\"uagb-ifb-separator\"><\/div><\/div><div class=\"uagb-ifb-text-wrap\"><p class=\"uagb-ifb-desc\">Alunos participantes :<br>EDUARDO DA SILVA JULIO,THIAGO SCHEIBE e WALLACE ALVES SANTOS    &nbsp;<br><br><strong>Projeto premiado no  FICIENCIAS <\/strong><br>E  FEBRACE<br><br>Noticias do projeto <br><a href=\"http:\/\/2017.febrace.org.br\/virtual\/2017\/BIO\/197\/\">PORTAL FEBRACE<\/a><\/p><\/div><\/div><\/div><\/div><\/div>\n\n\n\n<p><\/p>\n<\/div><\/div>\n<\/div><\/section>\n<\/div><\/section>\n","protected":false},"excerpt":{"rendered":"","protected":false},"author":1,"featured_media":0,"parent":0,"menu_order":0,"comment_status":"closed","ping_status":"closed","template":"","meta":{"_uag_custom_page_level_css":""},"uagb_featured_image_src":{"full":false,"thumbnail":false,"medium":false,"medium_large":false,"large":false,"1536x1536":false,"2048x2048":false,"img-1100-450":false,"img-1120-800":false,"img-870-440":false,"img-850-600":false,"img-480-380":false,"img-300-225":false,"img-75-75":false},"uagb_author_info":{"display_name":"imagimaker","author_link":"https:\/\/imagimaker.com.br\/index.php\/author\/imagimaker\/"},"uagb_comment_info":0,"uagb_excerpt":null,"_links":{"self":[{"href":"https:\/\/imagimaker.com.br\/index.php\/wp-json\/wp\/v2\/pages\/568"}],"collection":[{"href":"https:\/\/imagimaker.com.br\/index.php\/wp-json\/wp\/v2\/pages"}],"about":[{"href":"https:\/\/imagimaker.com.br\/index.php\/wp-json\/wp\/v2\/types\/page"}],"author":[{"embeddable":true,"href":"https:\/\/imagimaker.com.br\/index.php\/wp-json\/wp\/v2\/users\/1"}],"replies":[{"embeddable":true,"href":"https:\/\/imagimaker.com.br\/index.php\/wp-json\/wp\/v2\/comments?post=568"}],"version-history":[{"count":44,"href":"https:\/\/imagimaker.com.br\/index.php\/wp-json\/wp\/v2\/pages\/568\/revisions"}],"predecessor-version":[{"id":1073,"href":"https:\/\/imagimaker.com.br\/index.php\/wp-json\/wp\/v2\/pages\/568\/revisions\/1073"}],"wp:attachment":[{"href":"https:\/\/imagimaker.com.br\/index.php\/wp-json\/wp\/v2\/media?parent=568"}],"curies":[{"name":"wp","href":"https:\/\/api.w.org\/{rel}","templated":true}]}}